{"id":118,"date":"2012-01-03T22:08:18","date_gmt":"2012-01-03T22:08:18","guid":{"rendered":"http:\/\/aktuellt.langtanochlust.com\/?page_id=118"},"modified":"2015-11-12T11:46:24","modified_gmt":"2015-11-12T11:46:24","slug":"inspiration","status":"publish","type":"page","link":"http:\/\/langtanochlust.com\/?page_id=118","title":{"rendered":"Inspiration"},"content":{"rendered":"<p>&nbsp;<\/p>\n<p><strong><a href=\"http:\/\/media.langtanochlust.com\/2012\/01\/photo_1804_200706252-trollsl%C3%A4nda.jpg\"><img decoding=\"async\" loading=\"lazy\" class=\"alignright size-medium wp-image-227\" title=\"photo_1804_20070625(2) trollsl\u00e4nda\" src=\"http:\/\/media.langtanochlust.com\/2012\/01\/photo_1804_200706252-trollsl%C3%A4nda-300x200.jpg\" alt=\"\" width=\"249\" height=\"150\" \/><\/a>I det goda m\u00f6tet kan vi inspireras och v\u00e4xa. I m\u00f6tet d\u00e4r vi respekterar varandra och inte j\u00e4mf\u00f6r oss med varandra &#8211; d\u00e4r du f\u00e5r vara du och jag f\u00e5r vara jag.<\/strong><\/p>\n<p><strong><span style=\"text-decoration: underline;\">Inspirationsf\u00f6rel\u00e4sningar<\/span><\/strong><br \/>\n<strong>D\u00e5 och d\u00e5 inbjuder jag till inspirationskv\u00e4llar med korta f\u00f6rel\u00e4sningar och samtal. Dessa kv\u00e4llar annonseras under fliken aktuellt.<\/strong><\/p>\n<p><strong><span style=\"text-decoration: underline;\">Personlig och andlig utveckling i grupp<\/span><\/strong><br \/>\n<strong>Genom att lyssna in\u00e5t och dela tankar och upplevelser med varandra i en liten och trygg grupp n\u00e5r vi l\u00e4ttare v\u00e5rt centrum &#8211; d\u00e4r k\u00e4rleken fl\u00f6dar, d\u00e4r stillheten finns och d\u00e4r vi finner svaret p\u00e5 m\u00e5nga av v\u00e5ra fr\u00e5gor. Gruppen \u00e4r h\u00f6gst 6 personer s\u00e5 att det k\u00e4nns tryggt och var och en f\u00e5r gott om utrymme.<br \/>\n<\/strong><\/p>\n<p><strong>Vi utg\u00e5r fr\u00e5n nuet och inpassar inneh\u00e5llet s\u00e5 l\u00e5ngt det \u00e4r m\u00f6jligt till individernas och gruppens \u00f6nskem\u00e5l och behov. Fokus ligger p\u00e5 meditation och reflektion. \u00c4ven intuitions\u00f6vningar, healing, dr\u00f6mtolkning, inspirationsm\u00e5leri kan f\u00f6rekomma.<\/strong><\/p>\n<p><strong>Grupperna startar med en kostnadsfri &#8221;K\u00e4nn Dig F\u00f6r&#8221; tr\u00e4ff. Vi forts\u00e4tter sedan att tr\u00e4ffas vid 5 tillf\u00e4llen varannan vecka. De flesta grupper vill g\u00e4rna forts\u00e4tta med lite varierande tidsintervall.<\/strong><\/p>\n<p><strong>Nya grupper annonseras under\u00a0&#8221;Aktuellt&#8221;.<\/strong><\/p>\n<p><strong>S\u00e5 h\u00e4r s\u00e4ger en kursdeltagare:<\/strong><br \/>\n<strong>&#8221;<em>Den st\u00f6rsta f\u00f6rdelen med att tr\u00e4ffas\u00a0regelbundet i grupp \u00e4r att f\u00e5 bekr\u00e4ftelse p\u00e5 sina styrkor fr\u00e5n olika personer. Visst k\u00e4nner vi alla instinktivt att vi \u00e4r p\u00e5 r\u00e4tt v\u00e4g och att vi vill till\u00e5ta oss att f\u00f6r\u00e4ndra saker och ting. Samtidigt \u00e4r det viktigt att h\u00f6ra detta fr\u00e5n fler, dessutom oberoende personer. Det ger en knuff i r\u00e4tt riktning och en impuls att ta det d\u00e4r steget fullt ut och f\u00f6r\u00e4ndra\/f\u00f6rverkliga och\/eller utvecklas som m\u00e4nniska. Alla i gruppen ges ocks\u00e5\u00a0 en m\u00f6jlighet att verkligen bli sedda och h\u00f6rda&#8221;<\/em><\/strong><\/p>\n<p><strong><span style=\"text-decoration: underline;\">Healingkv\u00e4ll\/dag<\/span><\/strong><br \/>\n<strong>Vi l\u00e4r oss mer om healing, mediterar och framf\u00f6rallt ger vi varandra healing. Dessa dagar annonseras under &#8221;Aktuellt&#8221;<\/strong><\/p>\n<p>&nbsp;<\/p>\n<p>&nbsp;<\/p>\n<p>Foto: Christian Almstedt\/A lot of Photos<\/p>\n<p>&nbsp;<\/p>\n<p>&nbsp;<\/p>\n","protected":false},"excerpt":{"rendered":"<p>&nbsp; I det goda m\u00f6tet kan vi inspireras och v\u00e4xa. I m\u00f6tet d\u00e4r vi respekterar varandra och inte j\u00e4mf\u00f6r oss med varandra &#8211; d\u00e4r du f\u00e5r vara du och jag f\u00e5r vara jag. Inspirationsf\u00f6rel\u00e4sningar D\u00e5 och d\u00e5 inbjuder jag till inspirationskv\u00e4llar med korta f\u00f6rel\u00e4sningar och samtal. Dessa kv\u00e4llar annonseras under fliken aktuellt. Personlig och andlig [&hellip;]<\/p>\n","protected":false},"author":1,"featured_media":0,"parent":0,"menu_order":0,"comment_status":"closed","ping_status":"closed","template":"","meta":[],"_links":{"self":[{"href":"http:\/\/langtanochlust.com\/index.php?rest_route=\/wp\/v2\/pages\/118"}],"collection":[{"href":"http:\/\/langtanochlust.com\/index.php?rest_route=\/wp\/v2\/pages"}],"about":[{"href":"http:\/\/langtanochlust.com\/index.php?rest_route=\/wp\/v2\/types\/page"}],"author":[{"embeddable":true,"href":"http:\/\/langtanochlust.com\/index.php?rest_route=\/wp\/v2\/users\/1"}],"replies":[{"embeddable":true,"href":"http:\/\/langtanochlust.com\/index.php?rest_route=%2Fwp%2Fv2%2Fcomments&post=118"}],"version-history":[{"count":17,"href":"http:\/\/langtanochlust.com\/index.php?rest_route=\/wp\/v2\/pages\/118\/revisions"}],"predecessor-version":[{"id":1095,"href":"http:\/\/langtanochlust.com\/index.php?rest_route=\/wp\/v2\/pages\/118\/revisions\/1095"}],"wp:attachment":[{"href":"http:\/\/langtanochlust.com\/index.php?rest_route=%2Fwp%2Fv2%2Fmedia&parent=118"}],"curies":[{"name":"wp","href":"https:\/\/api.w.org\/{rel}","templated":true}]}}